{"id":667,"date":"2023-05-22T13:04:05","date_gmt":"2023-05-22T18:04:05","guid":{"rendered":"https:\/\/rolandogarciamd.com\/es\/?page_id=667"},"modified":"2023-08-28T16:38:49","modified_gmt":"2023-08-28T21:38:49","slug":"disfuncion-articulacion-sacroiliaca","status":"publish","type":"page","link":"https:\/\/rolandogarciamd.com\/es\/condiciones-espina-dorsal\/disfuncion-articulacion-sacroiliaca\/","title":{"rendered":"Disfunci\u00f3n de la Articulaci\u00f3n Sacroil\u00edaca"},"content":{"rendered":"\n<p>La disfunci\u00f3n de la articulaci\u00f3n sacroil\u00edaca (disfunci\u00f3n de la articulaci\u00f3n SI) es una enfermedad que afecta a la articulaci\u00f3n sacroil\u00edaca, situada en la pelvis y que conecta el sacro (el hueso triangular de la base de la columna vertebral) con el ilion (el hueso grande en forma de ala de la cadera). La articulaci\u00f3n sacroil\u00edaca se encarga de transferir el peso y las fuerzas entre la parte superior del cuerpo y las piernas durante el movimiento.<\/p>\n\n\n\n<blockquote class=\"wp-block-quote is-layout-flow wp-block-quote-is-layout-flow\">\n<p><em>La disfunci\u00f3n de la articulaci\u00f3n sacroil\u00edaca se produce cuando hay un movimiento anormal o inflamaci\u00f3n en la articulaci\u00f3n, lo que provoca dolor y molestias&#8221;<\/em><\/p>\n<cite>explica el <a href=\"\/es\/dr-rolando-garcia\/\">Doctor Rolando Garc\u00eda, Cirujano Ortop\u00e9dico<\/a><\/cite><\/blockquote>\n\n\n\n<p>La causa exacta de la disfunci\u00f3n de la articulaci\u00f3n sacroil\u00edaca no se conoce del todo, pero se cree que est\u00e1 relacionada con diversos factores, como traumatismos, embarazo, artritis o desequilibrios musculares.<\/p>\n\n\n\n<p>Los s\u00edntomas de la disfunci\u00f3n de la articulaci\u00f3n sacroil\u00edaca pueden incluir dolor en la zona lumbar, las nalgas, las caderas y los muslos, que puede empeorar al estar de pie, caminar o sentarse durante per\u00edodos prolongados. El dolor puede ser agudo o sordo y puede variar de leve a intenso. En algunos casos, el dolor puede ir acompa\u00f1ado de entumecimiento u hormigueo en las piernas o los pies.<\/p>\n\n\n\n<p>El tratamiento de la disfunci\u00f3n de la articulaci\u00f3n sacroil\u00edaca suele consistir en una combinaci\u00f3n de m\u00e9todos no quir\u00fargicos, como fisioterapia, quiropr\u00e1ctica y medicamentos (como antiinflamatorios no esteroideos o relajantes musculares) para controlar el dolor y la inflamaci\u00f3n. En algunos casos, pueden utilizarse inyecciones de corticosteroides para reducir la inflamaci\u00f3n y proporcionar alivio. Si los tratamientos no quir\u00fargicos no son eficaces, puede considerarse la cirug\u00eda, pero normalmente s\u00f3lo se recomienda como \u00faltimo recurso.<\/p>\n\n\n\n<h3 class=\"wp-block-heading\">\u00bfEn qu\u00e9 casos puede considerarse la cirug\u00eda para esta afecci\u00f3n?<\/h3>\n\n\n\n<p>En general, se puede considerar la cirug\u00eda si la articulaci\u00f3n est\u00e1 muy da\u00f1ada o si las medidas de tratamiento conservador no han tenido \u00e9xito. Entre los ejemplos de casos en los que se puede considerar la cirug\u00eda para la disfunci\u00f3n de la articulaci\u00f3n sacroil\u00edaca se incluyen:<\/p>\n\n\n\n<ol class=\"wp-block-list\">\n<li><strong>Cirug\u00eda de Fusi\u00f3n:<\/strong> La cirug\u00eda de fusi\u00f3n es un procedimiento en el que la articulaci\u00f3n sacroil\u00edaca se fusiona permanentemente mediante injertos \u00f3seos o implantes. Esto se hace para eliminar el movimiento de la articulaci\u00f3n, lo que puede aliviar el dolor causado por el movimiento anormal o la inflamaci\u00f3n. Esta cirug\u00eda suele reservarse para casos de dolor intenso y cr\u00f3nico que no ha respondido a otros tratamientos.<\/li>\n\n\n\n<li><strong>Ablaci\u00f3n por Radiofrecuencia:<\/strong> La ablaci\u00f3n por radiofrecuencia es un procedimiento m\u00ednimamente invasivo en el que se introduce una peque\u00f1a aguja en la articulaci\u00f3n afectada y se aplica calor a los nervios que irrigan la articulaci\u00f3n, lo que puede reducir las se\u00f1ales de dolor. Este procedimiento suele considerarse para quienes han encontrado cierto alivio con las inyecciones en la articulaci\u00f3n sacroil\u00edaca, pero no han logrado un alivio duradero.<\/li>\n\n\n\n<li><strong>Cirug\u00eda Abierta:<\/strong> En raras ocasiones, puede ser necesaria la cirug\u00eda abierta para tratar una disfunci\u00f3n grave de la articulaci\u00f3n sacroil\u00edaca. Esto puede implicar la extirpaci\u00f3n de parte de la articulaci\u00f3n, la reparaci\u00f3n de ligamentos o tendones, o la extirpaci\u00f3n de espolones \u00f3seos que causan dolor.<\/li>\n<\/ol>\n\n\n\n<p>Es importante se\u00f1alar que la cirug\u00eda no siempre es necesaria o eficaz para tratar la disfunci\u00f3n de la articulaci\u00f3n sacroil\u00edaca. Un profesional m\u00e9dico evaluar\u00e1 su situaci\u00f3n individual y considerar\u00e1 todas las opciones de tratamiento no quir\u00fargico antes de recomendar una intervenci\u00f3n quir\u00fargica.Por favor, consulte nuestras <a href=\"\/location\/\">dos sedes<\/a>. Para todas las preguntas sobre horarios o para solicitar citas, llame al <strong>(305) 937-1999<\/strong><\/p>\n","protected":false},"excerpt":{"rendered":"<p>La disfunci\u00f3n de la articulaci\u00f3n sacroil\u00edaca (disfunci\u00f3n de la articulaci\u00f3n SI) es una enfermedad que afecta a la articulaci\u00f3n sacroil\u00edaca, situada en la pelvis y que conecta el sacro (el hueso triangular de la base de la columna vertebral) con&#8230;<\/p>\n","protected":false},"author":1,"featured_media":0,"parent":744,"menu_order":0,"comment_status":"closed","ping_status":"closed","template":"","meta":{"_acf_changed":false,"_uag_custom_page_level_css":"","_monsterinsights_skip_tracking":false,"_monsterinsights_sitenote_active":false,"_monsterinsights_sitenote_note":"","_monsterinsights_sitenote_category":0,"_genesis_hide_title":false,"_genesis_hide_breadcrumbs":false,"_genesis_hide_singular_image":false,"_genesis_hide_footer_widgets":false,"_genesis_custom_body_class":"","_genesis_custom_post_class":"","_genesis_layout":"","footnotes":""},"class_list":{"0":"post-667","1":"page","2":"type-page","3":"status-publish","5":"entry"},"acf":[],"yoast_head":"<!-- This site is optimized with the Yoast SEO plugin v27.4 - https:\/\/yoast.com\/product\/yoast-seo-wordpress\/ -->\n<title>Disfunci\u00f3n de la Articulaci\u00f3n Sacroil\u00edaca<\/title>\n<meta name=\"description\" content=\"La disfunci\u00f3n de la articulaci\u00f3n sacroil\u00edaca (disfunci\u00f3n de la articulaci\u00f3n SI) es una enfermedad que afecta a la articulaci\u00f3n sacroil\u00edaca, situada en la\" \/>\n<meta name=\"robots\" content=\"index, follow, max-snippet:-1, max-image-preview:large, max-video-preview:-1\" \/>\n<link rel=\"canonical\" href=\"https:\/\/rolandogarciamd.com\/es\/condiciones-espina-dorsal\/disfuncion-articulacion-sacroiliaca\/\" \/>\n<meta property=\"og:locale\" content=\"es_MX\" \/>\n<meta property=\"og:type\" content=\"article\" \/>\n<meta property=\"og:title\" content=\"Disfunci\u00f3n de la Articulaci\u00f3n Sacroil\u00edaca\" \/>\n<meta property=\"og:description\" content=\"La disfunci\u00f3n de la articulaci\u00f3n sacroil\u00edaca (disfunci\u00f3n de la articulaci\u00f3n SI) es una enfermedad que afecta a la articulaci\u00f3n sacroil\u00edaca, situada en la\" \/>\n<meta property=\"og:url\" content=\"https:\/\/rolandogarciamd.com\/es\/condiciones-espina-dorsal\/disfuncion-articulacion-sacroiliaca\/\" \/>\n<meta property=\"og:site_name\" content=\"Dr. Rolando Garcia Jr. En Espa\u00f1ol\" \/>\n<meta property=\"article:modified_time\" content=\"2023-08-28T21:38:49+00:00\" \/>\n<meta name=\"twitter:card\" content=\"summary_large_image\" \/>\n<meta name=\"twitter:label1\" content=\"Tiempo de lectura\" \/>\n\t<meta name=\"twitter:data1\" content=\"3 minutos\" \/>\n<script type=\"application\/ld+json\" class=\"yoast-schema-graph\">{\"@context\":\"https:\\\/\\\/schema.org\",\"@graph\":[{\"@type\":\"WebPage\",\"@id\":\"https:\\\/\\\/rolandogarciamd.com\\\/es\\\/condiciones-espina-dorsal\\\/disfuncion-articulacion-sacroiliaca\\\/\",\"url\":\"https:\\\/\\\/rolandogarciamd.com\\\/es\\\/condiciones-espina-dorsal\\\/disfuncion-articulacion-sacroiliaca\\\/\",\"name\":\"Disfunci\u00f3n de la Articulaci\u00f3n Sacroil\u00edaca\",\"isPartOf\":{\"@id\":\"https:\\\/\\\/rolandogarciamd.com\\\/es\\\/#website\"},\"datePublished\":\"2023-05-22T18:04:05+00:00\",\"dateModified\":\"2023-08-28T21:38:49+00:00\",\"description\":\"La disfunci\u00f3n de la articulaci\u00f3n sacroil\u00edaca (disfunci\u00f3n de la articulaci\u00f3n SI) es una enfermedad que afecta a la articulaci\u00f3n sacroil\u00edaca, situada en la\",\"breadcrumb\":{\"@id\":\"https:\\\/\\\/rolandogarciamd.com\\\/es\\\/condiciones-espina-dorsal\\\/disfuncion-articulacion-sacroiliaca\\\/#breadcrumb\"},\"inLanguage\":\"es-MX\",\"potentialAction\":[{\"@type\":\"ReadAction\",\"target\":[\"https:\\\/\\\/rolandogarciamd.com\\\/es\\\/condiciones-espina-dorsal\\\/disfuncion-articulacion-sacroiliaca\\\/\"]}]},{\"@type\":\"BreadcrumbList\",\"@id\":\"https:\\\/\\\/rolandogarciamd.com\\\/es\\\/condiciones-espina-dorsal\\\/disfuncion-articulacion-sacroiliaca\\\/#breadcrumb\",\"itemListElement\":[{\"@type\":\"ListItem\",\"position\":1,\"name\":\"Home\",\"item\":\"https:\\\/\\\/rolandogarciamd.com\\\/es\\\/\"},{\"@type\":\"ListItem\",\"position\":2,\"name\":\"Afecciones De La Columna Vertebral\",\"item\":\"https:\\\/\\\/rolandogarciamd.com\\\/es\\\/condiciones-espina-dorsal\\\/\"},{\"@type\":\"ListItem\",\"position\":3,\"name\":\"Disfunci\u00f3n de la Articulaci\u00f3n Sacroil\u00edaca\"}]},{\"@type\":\"WebSite\",\"@id\":\"https:\\\/\\\/rolandogarciamd.com\\\/es\\\/#website\",\"url\":\"https:\\\/\\\/rolandogarciamd.com\\\/es\\\/\",\"name\":\"Dr. Rolando Garcia Jr. En Espa\u00f1ol\",\"description\":\"Experiencia en Cirug\u00eda de Reemplazo Discal\",\"potentialAction\":[{\"@type\":\"SearchAction\",\"target\":{\"@type\":\"EntryPoint\",\"urlTemplate\":\"https:\\\/\\\/rolandogarciamd.com\\\/es\\\/?s={search_term_string}\"},\"query-input\":{\"@type\":\"PropertyValueSpecification\",\"valueRequired\":true,\"valueName\":\"search_term_string\"}}],\"inLanguage\":\"es-MX\"}]}<\/script>\n<!-- \/ Yoast SEO plugin. -->","yoast_head_json":{"title":"Disfunci\u00f3n de la Articulaci\u00f3n Sacroil\u00edaca","description":"La disfunci\u00f3n de la articulaci\u00f3n sacroil\u00edaca (disfunci\u00f3n de la articulaci\u00f3n SI) es una enfermedad que afecta a la articulaci\u00f3n sacroil\u00edaca, situada en la","robots":{"index":"index","follow":"follow","max-snippet":"max-snippet:-1","max-image-preview":"max-image-preview:large","max-video-preview":"max-video-preview:-1"},"canonical":"https:\/\/rolandogarciamd.com\/es\/condiciones-espina-dorsal\/disfuncion-articulacion-sacroiliaca\/","og_locale":"es_MX","og_type":"article","og_title":"Disfunci\u00f3n de la Articulaci\u00f3n Sacroil\u00edaca","og_description":"La disfunci\u00f3n de la articulaci\u00f3n sacroil\u00edaca (disfunci\u00f3n de la articulaci\u00f3n SI) es una enfermedad que afecta a la articulaci\u00f3n sacroil\u00edaca, situada en la","og_url":"https:\/\/rolandogarciamd.com\/es\/condiciones-espina-dorsal\/disfuncion-articulacion-sacroiliaca\/","og_site_name":"Dr. Rolando Garcia Jr. En Espa\u00f1ol","article_modified_time":"2023-08-28T21:38:49+00:00","twitter_card":"summary_large_image","twitter_misc":{"Tiempo de lectura":"3 minutos"},"schema":{"@context":"https:\/\/schema.org","@graph":[{"@type":"WebPage","@id":"https:\/\/rolandogarciamd.com\/es\/condiciones-espina-dorsal\/disfuncion-articulacion-sacroiliaca\/","url":"https:\/\/rolandogarciamd.com\/es\/condiciones-espina-dorsal\/disfuncion-articulacion-sacroiliaca\/","name":"Disfunci\u00f3n de la Articulaci\u00f3n Sacroil\u00edaca","isPartOf":{"@id":"https:\/\/rolandogarciamd.com\/es\/#website"},"datePublished":"2023-05-22T18:04:05+00:00","dateModified":"2023-08-28T21:38:49+00:00","description":"La disfunci\u00f3n de la articulaci\u00f3n sacroil\u00edaca (disfunci\u00f3n de la articulaci\u00f3n SI) es una enfermedad que afecta a la articulaci\u00f3n sacroil\u00edaca, situada en la","breadcrumb":{"@id":"https:\/\/rolandogarciamd.com\/es\/condiciones-espina-dorsal\/disfuncion-articulacion-sacroiliaca\/#breadcrumb"},"inLanguage":"es-MX","potentialAction":[{"@type":"ReadAction","target":["https:\/\/rolandogarciamd.com\/es\/condiciones-espina-dorsal\/disfuncion-articulacion-sacroiliaca\/"]}]},{"@type":"BreadcrumbList","@id":"https:\/\/rolandogarciamd.com\/es\/condiciones-espina-dorsal\/disfuncion-articulacion-sacroiliaca\/#breadcrumb","itemListElement":[{"@type":"ListItem","position":1,"name":"Home","item":"https:\/\/rolandogarciamd.com\/es\/"},{"@type":"ListItem","position":2,"name":"Afecciones De La Columna Vertebral","item":"https:\/\/rolandogarciamd.com\/es\/condiciones-espina-dorsal\/"},{"@type":"ListItem","position":3,"name":"Disfunci\u00f3n de la Articulaci\u00f3n Sacroil\u00edaca"}]},{"@type":"WebSite","@id":"https:\/\/rolandogarciamd.com\/es\/#website","url":"https:\/\/rolandogarciamd.com\/es\/","name":"Dr. Rolando Garcia Jr. En Espa\u00f1ol","description":"Experiencia en Cirug\u00eda de Reemplazo Discal","potentialAction":[{"@type":"SearchAction","target":{"@type":"EntryPoint","urlTemplate":"https:\/\/rolandogarciamd.com\/es\/?s={search_term_string}"},"query-input":{"@type":"PropertyValueSpecification","valueRequired":true,"valueName":"search_term_string"}}],"inLanguage":"es-MX"}]}},"uagb_featured_image_src":{"full":false,"thumbnail":false,"medium":false,"medium_large":false,"large":false,"1536x1536":false,"2048x2048":false,"gform-image-choice-sm":false,"gform-image-choice-md":false,"gform-image-choice-lg":false},"uagb_author_info":{"display_name":"","author_link":"https:\/\/rolandogarciamd.com\/es\/author\/"},"uagb_comment_info":0,"uagb_excerpt":"La disfunci\u00f3n de la articulaci\u00f3n sacroil\u00edaca (disfunci\u00f3n de la articulaci\u00f3n SI) es una enfermedad que afecta a la articulaci\u00f3n sacroil\u00edaca, situada en la pelvis y que conecta el sacro (el hueso triangular de la base de la columna vertebral) con...","_links":{"self":[{"href":"https:\/\/rolandogarciamd.com\/es\/wp-json\/wp\/v2\/pages\/667","targetHints":{"allow":["GET"]}}],"collection":[{"href":"https:\/\/rolandogarciamd.com\/es\/wp-json\/wp\/v2\/pages"}],"about":[{"href":"https:\/\/rolandogarciamd.com\/es\/wp-json\/wp\/v2\/types\/page"}],"author":[{"embeddable":true,"href":"https:\/\/rolandogarciamd.com\/es\/wp-json\/wp\/v2\/users\/1"}],"replies":[{"embeddable":true,"href":"https:\/\/rolandogarciamd.com\/es\/wp-json\/wp\/v2\/comments?post=667"}],"version-history":[{"count":0,"href":"https:\/\/rolandogarciamd.com\/es\/wp-json\/wp\/v2\/pages\/667\/revisions"}],"up":[{"embeddable":true,"href":"https:\/\/rolandogarciamd.com\/es\/wp-json\/wp\/v2\/pages\/744"}],"wp:attachment":[{"href":"https:\/\/rolandogarciamd.com\/es\/wp-json\/wp\/v2\/media?parent=667"}],"curies":[{"name":"wp","href":"https:\/\/api.w.org\/{rel}","templated":true}]}}